{"id":570,"date":"2024-08-21T09:33:51","date_gmt":"2024-08-21T09:33:51","guid":{"rendered":"https:\/\/iskolanagyrede.hu\/wp\/?page_id=570"},"modified":"2024-09-17T07:16:20","modified_gmt":"2024-09-17T07:16:20","slug":"hatartalanul-2023","status":"publish","type":"page","link":"https:\/\/iskolanagyrede.hu\/wp\/hatartalanul-2023\/","title":{"rendered":"Hat\u00e1rtalanul 2023"},"content":{"rendered":"\n<p><strong>\u00c9LM\u00c9NYBESZ\u00c1MOL\u00d3 &#8211; \u00daTINAPL\u00d3<\/strong><\/p>\n\n\n\n<p><\/p>\n\n\n\n<p><strong>P\u00e1ly\u00e1zat k\u00f3dja: HAT-KP-1-2023\/1-001622<\/strong><\/p>\n\n\n\n<p><strong>P\u00e1ly\u00e1zat megnevez\u00e9se: Tanulm\u00e1nyi kir\u00e1ndul\u00e1s hetedikeseknek<\/strong><\/p>\n\n\n\n<p><strong>Megval\u00f3s\u00edt\u00e1s id\u0151pontja: 2024.m\u00e1jus 17-20.<\/strong><\/p>\n\n\n\n<p><strong>Int\u00e9zm\u00e9ny neve: Nagyr\u00e9dei Szent Imre \u00c1ltal\u00e1nos Iskola<\/strong><\/p>\n\n\n\n<p><strong>R\u00e9sztvev\u0151 di\u00e1kok sz\u00e1ma: 20 f\u0151<\/strong><\/p>\n\n\n\n<p><strong>A megval\u00f3sult program le\u00edr\u00e1sa: <\/strong>&nbsp;<\/p>\n\n\n\n<p><strong>1. nap: Nagyr\u00e9de- Kir\u00e1lyh\u00e1g\u00f3- Nagyv\u00e1rad- Szov\u00e1ta- Farkaslaka sz\u00e1ll\u00e1s<\/strong><\/p>\n\n\n\n<p>Reggel 7 \u00f3ra k\u00f6r\u00fcl indult a busz Nagyr\u00e9d\u00e9r\u0151l. K\u00f6r\u00fcbel\u00fcl 10 \u00f3r\u00e1ra \u00e9rt\u00fcnk a hat\u00e1rhoz (magyar id\u0151 szerint), majd kicsit k\u00e9s\u0151bb Nagyv\u00e1radra. Ott a belv\u00e1rosban megn\u00e9zt\u00fcnk k\u00e9t templomot, ahol fot\u00f3kat k\u00e9sz\u00edtett\u00fcnk, majd egy parkban tett\u00fcnk s\u00e9t\u00e1t. Megcsod\u00e1ltuk a v\u00e1ros fel\u00faj\u00edtott, gy\u00f6ny\u00f6r\u0171 \u00e9p\u00fcleteit, most k\u00e9sz\u00fcl\u0151 parkjait, tisztas\u00e1g\u00e1t. M\u00e1r itt t\u00f6bben megjegyezt\u00e9k: \u201enagyon tetszik Erd\u00e9ly\u201d .<\/p>\n\n\n\n<figure class=\"wp-block-image size-large is-resized\"><img loading=\"lazy\" decoding=\"async\" width=\"866\" height=\"1024\" src=\"https:\/\/iskolanagyrede.hu\/wp\/wp-content\/uploads\/2024\/08\/kep1-1-866x1024.jpg\" alt=\"\" class=\"wp-image-577\" style=\"width:460px;height:auto\" srcset=\"https:\/\/iskolanagyrede.hu\/wp\/wp-content\/uploads\/2024\/08\/kep1-1-866x1024.jpg 866w, https:\/\/iskolanagyrede.hu\/wp\/wp-content\/uploads\/2024\/08\/kep1-1-254x300.jpg 254w, https:\/\/iskolanagyrede.hu\/wp\/wp-content\/uploads\/2024\/08\/kep1-1-768x908.jpg 768w, https:\/\/iskolanagyrede.hu\/wp\/wp-content\/uploads\/2024\/08\/kep1-1.jpg 1134w\" sizes=\"auto, (max-width: 866px) 100vw, 866px\" \/><\/figure>\n\n\n\n<p><\/p>\n\n\n\n<figure class=\"wp-block-image size-full is-resized\"><img loading=\"lazy\" decoding=\"async\" width=\"774\" height=\"435\" src=\"https:\/\/iskolanagyrede.hu\/wp\/wp-content\/uploads\/2024\/08\/kep2.jpg\" alt=\"\" class=\"wp-image-580\" style=\"width:460px;height:auto\" srcset=\"https:\/\/iskolanagyrede.hu\/wp\/wp-content\/uploads\/2024\/08\/kep2.jpg 774w, https:\/\/iskolanagyrede.hu\/wp\/wp-content\/uploads\/2024\/08\/kep2-300x169.jpg 300w, https:\/\/iskolanagyrede.hu\/wp\/wp-content\/uploads\/2024\/08\/kep2-768x432.jpg 768w\" sizes=\"auto, (max-width: 774px) 100vw, 774px\" \/><\/figure>\n\n\n\n<p><\/p>\n\n\n\n<figure class=\"wp-block-image size-full is-resized\"><img loading=\"lazy\" decoding=\"async\" width=\"764\" height=\"573\" src=\"https:\/\/iskolanagyrede.hu\/wp\/wp-content\/uploads\/2024\/08\/kep3.jpg\" alt=\"\" class=\"wp-image-583\" style=\"width:462px;height:auto\" srcset=\"https:\/\/iskolanagyrede.hu\/wp\/wp-content\/uploads\/2024\/08\/kep3.jpg 764w, https:\/\/iskolanagyrede.hu\/wp\/wp-content\/uploads\/2024\/08\/kep3-300x225.jpg 300w\" sizes=\"auto, (max-width: 764px) 100vw, 764px\" \/><\/figure>\n\n\n\n<p>A k\u00f6vetkez\u0151 meg\u00e1ll\u00f3hely Kir\u00e1lyh\u00e1g\u00f3 volt. Esett az es\u0151, ez\u00e9rt a visszafel\u00e9 \u00faton csin\u00e1ltunk k\u00e9pet. \u00datk\u00f6zben meg\u00e1lltunk Erd\u0151keresztesen, mint az el\u0151z\u0151 \u00e9vekben minden nagyr\u00e9dei csoport, megn\u00e9zt\u00fck R\u00e9dey Klaudia szobr\u00e1t.<\/p>\n\n\n\n<figure class=\"wp-block-image size-full is-resized\"><img loading=\"lazy\" decoding=\"async\" width=\"769\" height=\"577\" src=\"https:\/\/iskolanagyrede.hu\/wp\/wp-content\/uploads\/2024\/08\/kep4.jpg\" alt=\"\" class=\"wp-image-587\" style=\"width:463px;height:auto\" srcset=\"https:\/\/iskolanagyrede.hu\/wp\/wp-content\/uploads\/2024\/08\/kep4.jpg 769w, https:\/\/iskolanagyrede.hu\/wp\/wp-content\/uploads\/2024\/08\/kep4-300x225.jpg 300w\" sizes=\"auto, (max-width: 769px) 100vw, 769px\" \/><\/figure>\n\n\n\n<p>Az utols\u00f3 hely (a sz\u00e1ll\u00e1s el\u0151tt) amit megn\u00e9zt\u00fcnk, Szov\u00e1ta volt, a Medve-t\u00f3 partj\u00e1n k\u00e9sz\u00edtett\u00fcnk k\u00e9peket, kipr\u00f3b\u00e1ltuk a j\u00e1tsz\u00f3teret a j\u00f3 leveg\u0151n.<\/p>\n\n\n\n<figure class=\"wp-block-image size-large is-resized\"><img loading=\"lazy\" decoding=\"async\" width=\"1024\" height=\"576\" src=\"https:\/\/iskolanagyrede.hu\/wp\/wp-content\/uploads\/2024\/08\/kep5-1024x576.jpg\" alt=\"\" class=\"wp-image-591\" style=\"width:463px;height:auto\" srcset=\"https:\/\/iskolanagyrede.hu\/wp\/wp-content\/uploads\/2024\/08\/kep5-1024x576.jpg 1024w, https:\/\/iskolanagyrede.hu\/wp\/wp-content\/uploads\/2024\/08\/kep5-300x169.jpg 300w, https:\/\/iskolanagyrede.hu\/wp\/wp-content\/uploads\/2024\/08\/kep5-768x432.jpg 768w, https:\/\/iskolanagyrede.hu\/wp\/wp-content\/uploads\/2024\/08\/kep5-1536x864.jpg 1536w, https:\/\/iskolanagyrede.hu\/wp\/wp-content\/uploads\/2024\/08\/kep5.jpg 2016w\" sizes=\"auto, (max-width: 1024px) 100vw, 1024px\" \/><\/figure>\n\n\n\n<p><\/p>\n\n\n\n<figure class=\"wp-block-image size-full is-resized\"><img loading=\"lazy\" decoding=\"async\" width=\"808\" height=\"454\" src=\"https:\/\/iskolanagyrede.hu\/wp\/wp-content\/uploads\/2024\/08\/kep6.jpg\" alt=\"\" class=\"wp-image-594\" style=\"width:463px;height:auto\" srcset=\"https:\/\/iskolanagyrede.hu\/wp\/wp-content\/uploads\/2024\/08\/kep6.jpg 808w, https:\/\/iskolanagyrede.hu\/wp\/wp-content\/uploads\/2024\/08\/kep6-300x169.jpg 300w, https:\/\/iskolanagyrede.hu\/wp\/wp-content\/uploads\/2024\/08\/kep6-768x432.jpg 768w\" sizes=\"auto, (max-width: 808px) 100vw, 808px\" \/><\/figure>\n\n\n\n<p><\/p>\n\n\n\n<figure class=\"wp-block-image size-full is-resized\"><img loading=\"lazy\" decoding=\"async\" width=\"935\" height=\"701\" src=\"https:\/\/iskolanagyrede.hu\/wp\/wp-content\/uploads\/2024\/08\/kep7.jpg\" alt=\"\" class=\"wp-image-597\" style=\"width:462px;height:auto\" srcset=\"https:\/\/iskolanagyrede.hu\/wp\/wp-content\/uploads\/2024\/08\/kep7.jpg 935w, https:\/\/iskolanagyrede.hu\/wp\/wp-content\/uploads\/2024\/08\/kep7-300x225.jpg 300w, https:\/\/iskolanagyrede.hu\/wp\/wp-content\/uploads\/2024\/08\/kep7-768x576.jpg 768w\" sizes=\"auto, (max-width: 935px) 100vw, 935px\" \/><\/figure>\n\n\n\n<p>Mikor meg\u00e9rkez\u00fcnk a sz\u00e1ll\u00e1sra, r\u00f6gt\u00f6n vacsor\u00e1zni ment\u00fcnk. Vacsora ut\u00e1n felment\u00fcnk a szob\u00e1inkba kipakolni. Este az oszt\u00e1llyal egy k\u00e1rty\u00e1s j\u00e1t\u00e9kot j\u00e1tszottunk. Az volt a l\u00e9nyeg, hogy a k\u00e1rty\u00e1n l\u00e9v\u0151 kih\u00edv\u00e1st meg kellett csin\u00e1lni pontok\u00e9rt.<br>Nyugov\u00f3ra nehezen t\u00e9rt\u00fcnk, sosem aludt m\u00e9g egy sz\u00e1ll\u00e1son az oszt\u00e1ly, ez izgalmas \u00fajdons\u00e1g volt.<\/p>\n\n\n\n<figure class=\"wp-block-image size-full is-resized\"><img loading=\"lazy\" decoding=\"async\" width=\"677\" height=\"902\" src=\"https:\/\/iskolanagyrede.hu\/wp\/wp-content\/uploads\/2024\/08\/kep8.jpg\" alt=\"\" class=\"wp-image-602\" style=\"width:467px;height:auto\" srcset=\"https:\/\/iskolanagyrede.hu\/wp\/wp-content\/uploads\/2024\/08\/kep8.jpg 677w, https:\/\/iskolanagyrede.hu\/wp\/wp-content\/uploads\/2024\/08\/kep8-225x300.jpg 225w\" sizes=\"auto, (max-width: 677px) 100vw, 677px\" \/><\/figure>\n\n\n\n<p><\/p>\n\n\n\n<figure class=\"wp-block-image size-full is-resized\"><img loading=\"lazy\" decoding=\"async\" width=\"806\" height=\"604\" src=\"https:\/\/iskolanagyrede.hu\/wp\/wp-content\/uploads\/2024\/08\/kep9.jpg\" alt=\"\" class=\"wp-image-605\" style=\"width:466px;height:auto\" srcset=\"https:\/\/iskolanagyrede.hu\/wp\/wp-content\/uploads\/2024\/08\/kep9.jpg 806w, https:\/\/iskolanagyrede.hu\/wp\/wp-content\/uploads\/2024\/08\/kep9-300x225.jpg 300w, https:\/\/iskolanagyrede.hu\/wp\/wp-content\/uploads\/2024\/08\/kep9-768x576.jpg 768w\" sizes=\"auto, (max-width: 806px) 100vw, 806px\" \/><\/figure>\n\n\n\n<p><\/p>\n\n\n\n<figure class=\"wp-block-image size-full is-resized\"><img loading=\"lazy\" decoding=\"async\" width=\"810\" height=\"607\" src=\"https:\/\/iskolanagyrede.hu\/wp\/wp-content\/uploads\/2024\/08\/kep10.jpg\" alt=\"\" class=\"wp-image-608\" style=\"width:467px;height:auto\" srcset=\"https:\/\/iskolanagyrede.hu\/wp\/wp-content\/uploads\/2024\/08\/kep10.jpg 810w, https:\/\/iskolanagyrede.hu\/wp\/wp-content\/uploads\/2024\/08\/kep10-300x225.jpg 300w, https:\/\/iskolanagyrede.hu\/wp\/wp-content\/uploads\/2024\/08\/kep10-768x576.jpg 768w\" sizes=\"auto, (max-width: 810px) 100vw, 810px\" \/><\/figure>\n\n\n\n<p><strong>2. nap: Farkaslaka- Gyilkos-t\u00f3- B\u00e9k\u00e1s-szoros- Szejkef\u00fcrd\u0151- Gyergy\u00f3szentmikl\u00f3s- Gyergy\u00f3sz\u00e1rhegy- Korond- Farkaslaka<\/strong><\/p>\n\n\n\n<p>Kora reggeli kel\u00e9s ut\u00e1n egy k\u00f6z\u00f6s reggeli \u00e9s a busszal m\u00e1r \u00fatnak is indultunk a Gyilkos-t\u00f3hoz. Amikor meg\u00e9rkezt\u00fcnk, a parkol\u00f3b\u00f3l els\u00e9t\u00e1ltunk a t\u00f3hoz, ahol csin\u00e1ltunk csoportk\u00e9pet \u00e9s volt egy kis szabad program, ami keret\u00e9ben lehetett aj\u00e1nd\u00e9kt\u00e1rgyakat \u00e9s ennival\u00f3kat v\u00e1s\u00e1rolni.<\/p>\n\n\n\n<figure class=\"wp-block-image size-full is-resized\"><img loading=\"lazy\" decoding=\"async\" width=\"1006\" height=\"754\" src=\"https:\/\/iskolanagyrede.hu\/wp\/wp-content\/uploads\/2024\/08\/kep11.jpg\" alt=\"\" class=\"wp-image-612\" style=\"width:470px;height:auto\" srcset=\"https:\/\/iskolanagyrede.hu\/wp\/wp-content\/uploads\/2024\/08\/kep11.jpg 1006w, https:\/\/iskolanagyrede.hu\/wp\/wp-content\/uploads\/2024\/08\/kep11-300x225.jpg 300w, https:\/\/iskolanagyrede.hu\/wp\/wp-content\/uploads\/2024\/08\/kep11-768x576.jpg 768w\" sizes=\"auto, (max-width: 1006px) 100vw, 1006px\" \/><\/figure>\n\n\n\n<p>A Gyilkos- t\u00f3 ut\u00e1n buszra \u00fclt\u00fcnk \u00e9s ment\u00fcnk a B\u00e9k\u00e1s- szoroshoz. Az Olt\u00e1rk\u0151 alj\u00e1ban meg\u00e1llt a busz, a csapatuk lesz\u00e1llt \u00e9s nagy s\u00e9t\u00e1ba kezdett. Az oszt\u00e1ly v\u00e9gig s\u00e9t\u00e1lt a hossz\u00fa magas sziklasor t\u00f6v\u00e9ben a h\u0171v\u00f6s \u00e9s friss leveg\u0151n. N\u00e9hol m\u00e9g a szikl\u00e1k alatt \u00e1rusok is voltak. Majd szint\u00e9n utazni kezdt\u00fcnk.<\/p>\n\n\n\n<figure class=\"wp-block-image size-full is-resized\"><img loading=\"lazy\" decoding=\"async\" width=\"621\" height=\"828\" src=\"https:\/\/iskolanagyrede.hu\/wp\/wp-content\/uploads\/2024\/08\/kep12.jpg\" alt=\"\" class=\"wp-image-624\" style=\"width:476px;height:auto\" srcset=\"https:\/\/iskolanagyrede.hu\/wp\/wp-content\/uploads\/2024\/08\/kep12.jpg 621w, https:\/\/iskolanagyrede.hu\/wp\/wp-content\/uploads\/2024\/08\/kep12-225x300.jpg 225w\" sizes=\"auto, (max-width: 621px) 100vw, 621px\" \/><\/figure>\n\n\n\n<p><\/p>\n\n\n\n<figure class=\"wp-block-image size-large is-resized\"><img loading=\"lazy\" decoding=\"async\" width=\"576\" height=\"1024\" src=\"https:\/\/iskolanagyrede.hu\/wp\/wp-content\/uploads\/2024\/08\/kep13-576x1024.jpg\" alt=\"\" class=\"wp-image-625\" style=\"width:477px;height:auto\" srcset=\"https:\/\/iskolanagyrede.hu\/wp\/wp-content\/uploads\/2024\/08\/kep13-576x1024.jpg 576w, https:\/\/iskolanagyrede.hu\/wp\/wp-content\/uploads\/2024\/08\/kep13-169x300.jpg 169w, https:\/\/iskolanagyrede.hu\/wp\/wp-content\/uploads\/2024\/08\/kep13-768x1365.jpg 768w, https:\/\/iskolanagyrede.hu\/wp\/wp-content\/uploads\/2024\/08\/kep13-864x1536.jpg 864w, https:\/\/iskolanagyrede.hu\/wp\/wp-content\/uploads\/2024\/08\/kep13.jpg 1134w\" sizes=\"auto, (max-width: 576px) 100vw, 576px\" \/><\/figure>\n\n\n\n<p>Hosszas utaz\u00e1s ut\u00e1n meg\u00e9rkezt\u00fcnk Gyergy\u00f3sz\u00e1rhegyre, a L\u00e1z\u00e1r kast\u00e9lyhoz, ahol meghallgattunk egy r\u00f6vid el\u0151ad\u00e1st majd megn\u00e9zt\u00fck a ki\u00e1ll\u00edt\u00e1sokat. Az egyik \u00e9p\u00fcletb\u0151l egy kil\u00e1t\u00f3ba lehetett felmenni, ahonnan gy\u00f6ny\u00f6r\u0171 volt a kil\u00e1t\u00e1s.<\/p>\n\n\n\n<figure class=\"wp-block-image size-large is-resized\"><img loading=\"lazy\" decoding=\"async\" width=\"1024\" height=\"576\" src=\"https:\/\/iskolanagyrede.hu\/wp\/wp-content\/uploads\/2024\/08\/kep14-1024x576.jpg\" alt=\"\" class=\"wp-image-629\" style=\"width:474px;height:auto\" srcset=\"https:\/\/iskolanagyrede.hu\/wp\/wp-content\/uploads\/2024\/08\/kep14-1024x576.jpg 1024w, https:\/\/iskolanagyrede.hu\/wp\/wp-content\/uploads\/2024\/08\/kep14-300x169.jpg 300w, https:\/\/iskolanagyrede.hu\/wp\/wp-content\/uploads\/2024\/08\/kep14-768x432.jpg 768w, https:\/\/iskolanagyrede.hu\/wp\/wp-content\/uploads\/2024\/08\/kep14-1536x864.jpg 1536w, https:\/\/iskolanagyrede.hu\/wp\/wp-content\/uploads\/2024\/08\/kep14.jpg 2016w\" sizes=\"auto, (max-width: 1024px) 100vw, 1024px\" \/><\/figure>\n\n\n\n<p><\/p>\n\n\n\n<figure class=\"wp-block-image size-full is-resized\"><img loading=\"lazy\" decoding=\"async\" width=\"414\" height=\"551\" src=\"https:\/\/iskolanagyrede.hu\/wp\/wp-content\/uploads\/2024\/08\/kep15.jpg\" alt=\"\" class=\"wp-image-630\" style=\"width:474px;height:auto\" srcset=\"https:\/\/iskolanagyrede.hu\/wp\/wp-content\/uploads\/2024\/08\/kep15.jpg 414w, https:\/\/iskolanagyrede.hu\/wp\/wp-content\/uploads\/2024\/08\/kep15-225x300.jpg 225w\" sizes=\"auto, (max-width: 414px) 100vw, 414px\" \/><\/figure>\n\n\n\n<p>Ezut\u00e1n megl\u00e1togattuk Gyergy\u00f3szentmikl\u00f3son az \u00d6rm\u00e9ny Katolikus templomot.<\/p>\n\n\n\n<figure class=\"wp-block-image size-large is-resized\"><img loading=\"lazy\" decoding=\"async\" width=\"768\" height=\"1024\" src=\"https:\/\/iskolanagyrede.hu\/wp\/wp-content\/uploads\/2024\/08\/kep16-768x1024.jpg\" alt=\"\" class=\"wp-image-634\" style=\"width:474px;height:auto\" srcset=\"https:\/\/iskolanagyrede.hu\/wp\/wp-content\/uploads\/2024\/08\/kep16-768x1024.jpg 768w, https:\/\/iskolanagyrede.hu\/wp\/wp-content\/uploads\/2024\/08\/kep16-225x300.jpg 225w, https:\/\/iskolanagyrede.hu\/wp\/wp-content\/uploads\/2024\/08\/kep16-1152x1536.jpg 1152w, https:\/\/iskolanagyrede.hu\/wp\/wp-content\/uploads\/2024\/08\/kep16.jpg 1536w\" sizes=\"auto, (max-width: 768px) 100vw, 768px\" \/><\/figure>\n\n\n\n<p>Szejkef\u00fcrd\u0151n a sok l\u00e1tv\u00e1nyos \u00e9s gy\u00f6ny\u00f6r\u0171 sz\u00e9kelykapu alatt fels\u00e9t\u00e1ltunk Orb\u00e1n Bal\u00e1zs s\u00edrj\u00e1hoz, ahol szint\u00e9n csin\u00e1ltunk k\u00e9pet \u00e9s elhelyezt\u00fcnk egy koszor\u00fat.<\/p>\n\n\n\n<figure class=\"wp-block-image size-large is-resized\"><img loading=\"lazy\" decoding=\"async\" width=\"1024\" height=\"576\" src=\"https:\/\/iskolanagyrede.hu\/wp\/wp-content\/uploads\/2024\/08\/kep17-1024x576.jpg\" alt=\"\" class=\"wp-image-637\" style=\"width:476px;height:auto\" srcset=\"https:\/\/iskolanagyrede.hu\/wp\/wp-content\/uploads\/2024\/08\/kep17-1024x576.jpg 1024w, https:\/\/iskolanagyrede.hu\/wp\/wp-content\/uploads\/2024\/08\/kep17-300x169.jpg 300w, https:\/\/iskolanagyrede.hu\/wp\/wp-content\/uploads\/2024\/08\/kep17-768x432.jpg 768w, https:\/\/iskolanagyrede.hu\/wp\/wp-content\/uploads\/2024\/08\/kep17-1536x864.jpg 1536w, https:\/\/iskolanagyrede.hu\/wp\/wp-content\/uploads\/2024\/08\/kep17.jpg 2016w\" sizes=\"auto, (max-width: 1024px) 100vw, 1024px\" \/><\/figure>\n\n\n\n<p><\/p>\n\n\n\n<figure class=\"wp-block-image size-large is-resized\"><img loading=\"lazy\" decoding=\"async\" width=\"1024\" height=\"576\" src=\"https:\/\/iskolanagyrede.hu\/wp\/wp-content\/uploads\/2024\/08\/kep18-1024x576.jpg\" alt=\"\" class=\"wp-image-638\" style=\"width:474px;height:auto\" srcset=\"https:\/\/iskolanagyrede.hu\/wp\/wp-content\/uploads\/2024\/08\/kep18-1024x576.jpg 1024w, https:\/\/iskolanagyrede.hu\/wp\/wp-content\/uploads\/2024\/08\/kep18-300x169.jpg 300w, https:\/\/iskolanagyrede.hu\/wp\/wp-content\/uploads\/2024\/08\/kep18-768x432.jpg 768w, https:\/\/iskolanagyrede.hu\/wp\/wp-content\/uploads\/2024\/08\/kep18-1536x864.jpg 1536w, https:\/\/iskolanagyrede.hu\/wp\/wp-content\/uploads\/2024\/08\/kep18.jpg 2016w\" sizes=\"auto, (max-width: 1024px) 100vw, 1024px\" \/><\/figure>\n\n\n\n<p>A korondi \u00e1rusokn\u00e1l megismerhett\u00fck a helyi term\u00e9keket, az azokat d\u00edsz\u00edt\u0151 jellegzetes mot\u00edvumokat.<\/p>\n\n\n\n<p>A hossz\u00fa nap ut\u00e1n visszament\u00fcnk a sz\u00e1ll\u00e1sra. A k\u00f6z\u00f6s vacsora ut\u00e1n \u00e1tmen\u00fcnk a szomsz\u00e9dos gazdas\u00e1gba, ahol testk\u00f6zelb\u0151l n\u00e9zhett\u00fck az \u00e1llatokat, sokan m\u00e9g \u00e1llatkertben sem l\u00e1ttunk, pedig falun \u00e9l\u00fcnk. A csal\u00e1di gazdas\u00e1g famegmunk\u00e1l\u00e1ssal is foglalkozik, a csal\u00e1df\u0151 megmutatta az ehhez fontos g\u00e9peket.<\/p>\n\n\n\n<figure class=\"wp-block-image size-large is-resized\"><img loading=\"lazy\" decoding=\"async\" width=\"1024\" height=\"576\" src=\"https:\/\/iskolanagyrede.hu\/wp\/wp-content\/uploads\/2024\/08\/kep19-1024x576.jpg\" alt=\"\" class=\"wp-image-641\" style=\"width:476px;height:auto\" srcset=\"https:\/\/iskolanagyrede.hu\/wp\/wp-content\/uploads\/2024\/08\/kep19-1024x576.jpg 1024w, https:\/\/iskolanagyrede.hu\/wp\/wp-content\/uploads\/2024\/08\/kep19-300x169.jpg 300w, https:\/\/iskolanagyrede.hu\/wp\/wp-content\/uploads\/2024\/08\/kep19-768x432.jpg 768w, https:\/\/iskolanagyrede.hu\/wp\/wp-content\/uploads\/2024\/08\/kep19-1536x864.jpg 1536w, https:\/\/iskolanagyrede.hu\/wp\/wp-content\/uploads\/2024\/08\/kep19.jpg 2016w\" sizes=\"auto, (max-width: 1024px) 100vw, 1024px\" \/><\/figure>\n\n\n\n<p>Este most is j\u00e1tszottunk, tan\u00e1raink vet\u00e9lked\u0151vel k\u00e9sz\u00fcltek nek\u00fcnk.<\/p>\n\n\n\n<figure class=\"wp-block-image size-large is-resized\"><img loading=\"lazy\" decoding=\"async\" width=\"1024\" height=\"576\" src=\"https:\/\/iskolanagyrede.hu\/wp\/wp-content\/uploads\/2024\/08\/kep20-1024x576.jpg\" alt=\"\" class=\"wp-image-643\" style=\"width:474px;height:auto\" srcset=\"https:\/\/iskolanagyrede.hu\/wp\/wp-content\/uploads\/2024\/08\/kep20-1024x576.jpg 1024w, https:\/\/iskolanagyrede.hu\/wp\/wp-content\/uploads\/2024\/08\/kep20-300x169.jpg 300w, https:\/\/iskolanagyrede.hu\/wp\/wp-content\/uploads\/2024\/08\/kep20-768x432.jpg 768w, https:\/\/iskolanagyrede.hu\/wp\/wp-content\/uploads\/2024\/08\/kep20-1536x864.jpg 1536w, https:\/\/iskolanagyrede.hu\/wp\/wp-content\/uploads\/2024\/08\/kep20.jpg 2016w\" sizes=\"auto, (max-width: 1024px) 100vw, 1024px\" \/><\/figure>\n\n\n\n<p><\/p>\n\n\n\n<figure class=\"wp-block-image size-full is-resized\"><img loading=\"lazy\" decoding=\"async\" width=\"499\" height=\"666\" src=\"https:\/\/iskolanagyrede.hu\/wp\/wp-content\/uploads\/2024\/08\/kep21.jpg\" alt=\"\" class=\"wp-image-645\" style=\"width:475px;height:auto\" srcset=\"https:\/\/iskolanagyrede.hu\/wp\/wp-content\/uploads\/2024\/08\/kep21.jpg 499w, https:\/\/iskolanagyrede.hu\/wp\/wp-content\/uploads\/2024\/08\/kep21-225x300.jpg 225w\" sizes=\"auto, (max-width: 499px) 100vw, 499px\" \/><\/figure>\n\n\n\n<p><strong>3. nap: Farkaslaka- Cs\u00edkszereda- Cs\u00edksomly\u00f3- Sz\u00e9kelyudvarhely- Farkaslaka<\/strong><\/p>\n\n\n\n<p>Reggel f\u00e9l 7-kor kelt\u00fcnk, 7 \u00f3r\u00e1t\u00f3l volt reggeli. M\u00e9g visszament\u00fcnk a szob\u00e1ba, majd 3\/4 9-kor elindultunk gyalog Tam\u00e1si \u00c1ron s\u00edrj\u00e1hoz. Megkoszor\u00faztuk az eml\u00e9km\u0171vet, fot\u00f3t csin\u00e1ltunk, azt\u00e1n pedig volt egy kis szabad program a mellette l\u00e9v\u0151 baz\u00e1rban. Elindultunk az \u00edr\u00f3 sz\u00fcl\u0151h\u00e1z\u00e1hoz. Amikor oda\u00e9rt\u00fcnk Sipos Kinga fogadott minket, \u00e9s k\u00f6rbevezetett a kis \u201em\u00fazeumban\u201d. Sok \u00e9rdekes k\u00e9pet, t\u00e1rgyat, rajzot \u00e9s iratot l\u00e1thattunk.<\/p>\n\n\n\n<figure class=\"wp-block-image size-full is-resized\"><img loading=\"lazy\" decoding=\"async\" width=\"908\" height=\"681\" src=\"https:\/\/iskolanagyrede.hu\/wp\/wp-content\/uploads\/2024\/08\/kep22.jpg\" alt=\"\" class=\"wp-image-648\" style=\"width:481px;height:auto\" srcset=\"https:\/\/iskolanagyrede.hu\/wp\/wp-content\/uploads\/2024\/08\/kep22.jpg 908w, https:\/\/iskolanagyrede.hu\/wp\/wp-content\/uploads\/2024\/08\/kep22-300x225.jpg 300w, https:\/\/iskolanagyrede.hu\/wp\/wp-content\/uploads\/2024\/08\/kep22-768x576.jpg 768w\" sizes=\"auto, (max-width: 908px) 100vw, 908px\" \/><\/figure>\n\n\n\n<p><\/p>\n\n\n\n<figure class=\"wp-block-image size-full is-resized\"><img loading=\"lazy\" decoding=\"async\" width=\"638\" height=\"850\" src=\"https:\/\/iskolanagyrede.hu\/wp\/wp-content\/uploads\/2024\/08\/kep23.jpg\" alt=\"\" class=\"wp-image-650\" style=\"width:480px;height:auto\" srcset=\"https:\/\/iskolanagyrede.hu\/wp\/wp-content\/uploads\/2024\/08\/kep23.jpg 638w, https:\/\/iskolanagyrede.hu\/wp\/wp-content\/uploads\/2024\/08\/kep23-225x300.jpg 225w\" sizes=\"auto, (max-width: 638px) 100vw, 638px\" \/><\/figure>\n\n\n\n<p>Innen visszas\u00e9t\u00e1ltunk a sz\u00e1ll\u00e1sra, \u00fatk\u00f6zben megn\u00e9zt\u00fck a helyi iskola \u00e9p\u00fcleteit.<\/p>\n\n\n\n<figure class=\"wp-block-image size-full is-resized\"><img loading=\"lazy\" decoding=\"async\" width=\"686\" height=\"514\" src=\"https:\/\/iskolanagyrede.hu\/wp\/wp-content\/uploads\/2024\/09\/kep24.jpg\" alt=\"\" class=\"wp-image-668\" style=\"width:478px;height:auto\" srcset=\"https:\/\/iskolanagyrede.hu\/wp\/wp-content\/uploads\/2024\/09\/kep24.jpg 686w, https:\/\/iskolanagyrede.hu\/wp\/wp-content\/uploads\/2024\/09\/kep24-300x225.jpg 300w\" sizes=\"auto, (max-width: 686px) 100vw, 686px\" \/><\/figure>\n\n\n\n<p><\/p>\n\n\n\n<figure class=\"wp-block-image size-full is-resized\"><img loading=\"lazy\" decoding=\"async\" width=\"652\" height=\"870\" src=\"https:\/\/iskolanagyrede.hu\/wp\/wp-content\/uploads\/2024\/09\/kep25.jpg\" alt=\"\" class=\"wp-image-670\" style=\"width:478px;height:auto\" srcset=\"https:\/\/iskolanagyrede.hu\/wp\/wp-content\/uploads\/2024\/09\/kep25.jpg 652w, https:\/\/iskolanagyrede.hu\/wp\/wp-content\/uploads\/2024\/09\/kep25-225x300.jpg 225w\" sizes=\"auto, (max-width: 652px) 100vw, 652px\" \/><\/figure>\n\n\n\n<p>Elindultunk busszal el\u0151bb Cs\u00edkszered\u00e1ra, megn\u00e9zt\u00fck a Mik\u00f3 v\u00e1rat, majd Cs\u00edksomly\u00f3ra.<\/p>\n\n\n\n<figure class=\"wp-block-image size-large is-resized\"><img loading=\"lazy\" decoding=\"async\" width=\"768\" height=\"1024\" src=\"https:\/\/iskolanagyrede.hu\/wp\/wp-content\/uploads\/2024\/09\/kep26-768x1024.jpg\" alt=\"\" class=\"wp-image-675\" style=\"width:479px;height:auto\" srcset=\"https:\/\/iskolanagyrede.hu\/wp\/wp-content\/uploads\/2024\/09\/kep26-768x1024.jpg 768w, https:\/\/iskolanagyrede.hu\/wp\/wp-content\/uploads\/2024\/09\/kep26-225x300.jpg 225w, https:\/\/iskolanagyrede.hu\/wp\/wp-content\/uploads\/2024\/09\/kep26-1152x1536.jpg 1152w, https:\/\/iskolanagyrede.hu\/wp\/wp-content\/uploads\/2024\/09\/kep26.jpg 1536w\" sizes=\"auto, (max-width: 768px) 100vw, 768px\" \/><\/figure>\n\n\n\n<p>Bement\u00fcnk a kegytemplomba, meg\u00e9rintett\u00fck M\u00e1ria szobor l\u00e1b\u00e1t, majd felt\u00far\u00e1ztunk a K\u00e1lv\u00e1ri\u00e1n kereszt\u00fcl a Salvator k\u00e1poln\u00e1hoz. Nagyon b\u00fcszk\u00e9k voltunk magunkra, hogy az eg\u00e9sz oszt\u00e1ly fel\u00e9rt a meredek emelked\u0151n. Lefel\u00e9 a hosszabb \u00faton s\u00e9t\u00e1ltunk, gy\u00f6ny\u00f6rk\u00f6dt\u00fck a t\u00e1jban \u00e9s a b\u00facs\u00fa ut\u00e1n maradt tisztas\u00e1gban. Megk\u00f3stoltuk a borvizet, meg is m\u00e1rt\u00f3ztunk benne. V\u00e1s\u00e1rolgattunk, \u00e9lvezt\u00fck a p\u00fcnk\u00f6sdi forgatagot.<\/p>\n\n\n\n<figure class=\"wp-block-image size-large is-resized\"><img loading=\"lazy\" decoding=\"async\" width=\"576\" height=\"1024\" src=\"https:\/\/iskolanagyrede.hu\/wp\/wp-content\/uploads\/2024\/09\/kep27-576x1024.jpg\" alt=\"\" class=\"wp-image-677\" style=\"width:486px;height:auto\" srcset=\"https:\/\/iskolanagyrede.hu\/wp\/wp-content\/uploads\/2024\/09\/kep27-576x1024.jpg 576w, https:\/\/iskolanagyrede.hu\/wp\/wp-content\/uploads\/2024\/09\/kep27-169x300.jpg 169w, https:\/\/iskolanagyrede.hu\/wp\/wp-content\/uploads\/2024\/09\/kep27-768x1365.jpg 768w, https:\/\/iskolanagyrede.hu\/wp\/wp-content\/uploads\/2024\/09\/kep27-864x1536.jpg 864w, https:\/\/iskolanagyrede.hu\/wp\/wp-content\/uploads\/2024\/09\/kep27.jpg 1134w\" sizes=\"auto, (max-width: 576px) 100vw, 576px\" \/><\/figure>\n\n\n\n<p><\/p>\n\n\n\n<figure class=\"wp-block-image size-full is-resized\"><img loading=\"lazy\" decoding=\"async\" width=\"969\" height=\"727\" src=\"https:\/\/iskolanagyrede.hu\/wp\/wp-content\/uploads\/2024\/09\/kep28.jpg\" alt=\"\" class=\"wp-image-678\" style=\"width:486px;height:auto\" srcset=\"https:\/\/iskolanagyrede.hu\/wp\/wp-content\/uploads\/2024\/09\/kep28.jpg 969w, https:\/\/iskolanagyrede.hu\/wp\/wp-content\/uploads\/2024\/09\/kep28-300x225.jpg 300w, https:\/\/iskolanagyrede.hu\/wp\/wp-content\/uploads\/2024\/09\/kep28-768x576.jpg 768w\" sizes=\"auto, (max-width: 969px) 100vw, 969px\" \/><\/figure>\n\n\n\n<p><\/p>\n\n\n\n<figure class=\"wp-block-image size-large is-resized\"><img loading=\"lazy\" decoding=\"async\" width=\"1024\" height=\"576\" src=\"https:\/\/iskolanagyrede.hu\/wp\/wp-content\/uploads\/2024\/09\/kep29-1024x576.jpg\" alt=\"\" class=\"wp-image-680\" style=\"width:487px;height:auto\" srcset=\"https:\/\/iskolanagyrede.hu\/wp\/wp-content\/uploads\/2024\/09\/kep29-1024x576.jpg 1024w, https:\/\/iskolanagyrede.hu\/wp\/wp-content\/uploads\/2024\/09\/kep29-300x169.jpg 300w, https:\/\/iskolanagyrede.hu\/wp\/wp-content\/uploads\/2024\/09\/kep29-768x432.jpg 768w, https:\/\/iskolanagyrede.hu\/wp\/wp-content\/uploads\/2024\/09\/kep29-1536x864.jpg 1536w, https:\/\/iskolanagyrede.hu\/wp\/wp-content\/uploads\/2024\/09\/kep29.jpg 2016w\" sizes=\"auto, (max-width: 1024px) 100vw, 1024px\" \/><\/figure>\n\n\n\n<p>Visszat\u00e9rt\u00fcnk a buszhoz \u00e9s elindultunk Sz\u00e9kelyudvarhely fel\u00e9.<\/p>\n\n\n\n<p>Koszor\u00faztunk a v\u00e1rosk\u00f6zpontban l\u00e1that\u00f3 a 2004-ben felavatott Eml\u00e9kez\u00e9s Parkj\u00e1ban, ahol tizenh\u00e1rom mondah\u0151s, t\u00f6rt\u00e9nelmi szem\u00e9ly \u00e9s kiemelked\u0151 erd\u00e9lyi m\u0171v\u00e9sz mellszobra l\u00e1that\u00f3.<\/p>\n\n\n\n<figure class=\"wp-block-image size-large is-resized\"><img loading=\"lazy\" decoding=\"async\" width=\"768\" height=\"1024\" src=\"https:\/\/iskolanagyrede.hu\/wp\/wp-content\/uploads\/2024\/09\/kep30-768x1024.jpg\" alt=\"\" class=\"wp-image-685\" style=\"width:491px;height:auto\" srcset=\"https:\/\/iskolanagyrede.hu\/wp\/wp-content\/uploads\/2024\/09\/kep30-768x1024.jpg 768w, https:\/\/iskolanagyrede.hu\/wp\/wp-content\/uploads\/2024\/09\/kep30-225x300.jpg 225w, https:\/\/iskolanagyrede.hu\/wp\/wp-content\/uploads\/2024\/09\/kep30-1152x1536.jpg 1152w, https:\/\/iskolanagyrede.hu\/wp\/wp-content\/uploads\/2024\/09\/kep30.jpg 1536w\" sizes=\"auto, (max-width: 768px) 100vw, 768px\" \/><\/figure>\n\n\n\n<p><\/p>\n\n\n\n<figure class=\"wp-block-image size-large is-resized\"><img loading=\"lazy\" decoding=\"async\" width=\"768\" height=\"1024\" src=\"https:\/\/iskolanagyrede.hu\/wp\/wp-content\/uploads\/2024\/09\/kep31-768x1024.jpg\" alt=\"\" class=\"wp-image-686\" style=\"width:490px;height:auto\" srcset=\"https:\/\/iskolanagyrede.hu\/wp\/wp-content\/uploads\/2024\/09\/kep31-768x1024.jpg 768w, https:\/\/iskolanagyrede.hu\/wp\/wp-content\/uploads\/2024\/09\/kep31-225x300.jpg 225w, https:\/\/iskolanagyrede.hu\/wp\/wp-content\/uploads\/2024\/09\/kep31-1152x1536.jpg 1152w, https:\/\/iskolanagyrede.hu\/wp\/wp-content\/uploads\/2024\/09\/kep31.jpg 1536w\" sizes=\"auto, (max-width: 768px) 100vw, 768px\" \/><\/figure>\n\n\n\n<p>Vissza\u00e9rt\u00fcnk a sz\u00e1ll\u00e1sra, vacsora k\u00f6vetkezett. Ezut\u00e1n sz\u00e1ll\u00e1sad\u00f3nk besz\u00e9lt nek\u00fcnk a faluturizmus kezdeteir\u0151l, t\u00f6rt\u00e9net\u00e9r\u0151l, jelen\u00e9r\u0151l.<\/p>\n\n\n\n<figure class=\"wp-block-image size-large is-resized\"><img loading=\"lazy\" decoding=\"async\" width=\"1024\" height=\"576\" src=\"https:\/\/iskolanagyrede.hu\/wp\/wp-content\/uploads\/2024\/09\/kep32-1024x576.jpg\" alt=\"\" class=\"wp-image-689\" style=\"width:491px;height:auto\" srcset=\"https:\/\/iskolanagyrede.hu\/wp\/wp-content\/uploads\/2024\/09\/kep32-1024x576.jpg 1024w, https:\/\/iskolanagyrede.hu\/wp\/wp-content\/uploads\/2024\/09\/kep32-300x169.jpg 300w, https:\/\/iskolanagyrede.hu\/wp\/wp-content\/uploads\/2024\/09\/kep32-768x432.jpg 768w, https:\/\/iskolanagyrede.hu\/wp\/wp-content\/uploads\/2024\/09\/kep32-1536x864.jpg 1536w, https:\/\/iskolanagyrede.hu\/wp\/wp-content\/uploads\/2024\/09\/kep32.jpg 2016w\" sizes=\"auto, (max-width: 1024px) 100vw, 1024px\" \/><\/figure>\n\n\n\n<p><strong>4. nap: Farkaslaka \u2013 Kolozsv\u00e1r- Kir\u00e1lyh\u00e1g\u00f3- Nagyr\u00e9de<\/strong><\/p>\n\n\n\n<p>Az utols\u00f3 napon kor\u00e1n reggel kelt\u00fcnk majd meleg reggelivel l\u00e1ttak el minket. Felpakoltuk a csomagjainkat a buszra \u00e9s izgatottan v\u00e1rtuk, hogy besz\u00e1moljunk csal\u00e1dtagjainknak az \u00fatr\u00f3l. Meg\u00e1lltunk Kolozsv\u00e1ron ahol megn\u00e9zt\u00fck M\u00e1ty\u00e1s kir\u00e1ly szobr\u00e1t \u00e9s sz\u00fcl\u0151h\u00e1z\u00e1t, majd a gy\u00f6ny\u00f6r\u0171 templomot \u00e9s megkoszor\u00faztuk Rem\u00e9nyik S\u00e1ndor s\u00edreml\u00e9k\u00e9t.<\/p>\n\n\n\n<figure class=\"wp-block-image size-large is-resized\"><img loading=\"lazy\" decoding=\"async\" width=\"1024\" height=\"768\" src=\"https:\/\/iskolanagyrede.hu\/wp\/wp-content\/uploads\/2024\/09\/kep33-1024x768.jpg\" alt=\"\" class=\"wp-image-692\" style=\"width:496px;height:auto\" srcset=\"https:\/\/iskolanagyrede.hu\/wp\/wp-content\/uploads\/2024\/09\/kep33-1024x768.jpg 1024w, https:\/\/iskolanagyrede.hu\/wp\/wp-content\/uploads\/2024\/09\/kep33-300x225.jpg 300w, https:\/\/iskolanagyrede.hu\/wp\/wp-content\/uploads\/2024\/09\/kep33-768x576.jpg 768w, https:\/\/iskolanagyrede.hu\/wp\/wp-content\/uploads\/2024\/09\/kep33.jpg 1238w\" sizes=\"auto, (max-width: 1024px) 100vw, 1024px\" \/><\/figure>\n\n\n\n<p><\/p>\n\n\n\n<figure class=\"wp-block-image size-large is-resized\"><img loading=\"lazy\" decoding=\"async\" width=\"1024\" height=\"768\" src=\"https:\/\/iskolanagyrede.hu\/wp\/wp-content\/uploads\/2024\/09\/kep36-1024x768.jpg\" alt=\"\" class=\"wp-image-694\" style=\"width:496px;height:auto\" srcset=\"https:\/\/iskolanagyrede.hu\/wp\/wp-content\/uploads\/2024\/09\/kep36-1024x768.jpg 1024w, https:\/\/iskolanagyrede.hu\/wp\/wp-content\/uploads\/2024\/09\/kep36-300x225.jpg 300w, https:\/\/iskolanagyrede.hu\/wp\/wp-content\/uploads\/2024\/09\/kep36-768x576.jpg 768w, https:\/\/iskolanagyrede.hu\/wp\/wp-content\/uploads\/2024\/09\/kep36-1536x1152.jpg 1536w, https:\/\/iskolanagyrede.hu\/wp\/wp-content\/uploads\/2024\/09\/kep36.jpg 2048w\" sizes=\"auto, (max-width: 1024px) 100vw, 1024px\" \/><\/figure>\n\n\n\n<p>Volt egy r\u00f6vid szabadid\u0151nk, fagyiztunk, pizz\u00e1t vehett\u00fcnk.<br>Kir\u00e1lyh\u00e1g\u00f3n \u00e1lltunk meg Kolozsv\u00e1r ut\u00e1n ahol gy\u00f6ny\u00f6rk\u00f6dhett\u00fcnk a t\u00e1jban \u00e9s v\u00e9gre k\u00e9pet csin\u00e1lhattunk.<\/p>\n\n\n\n<figure class=\"wp-block-image size-large is-resized\"><img loading=\"lazy\" decoding=\"async\" width=\"1024\" height=\"576\" src=\"https:\/\/iskolanagyrede.hu\/wp\/wp-content\/uploads\/2024\/09\/kep35-1024x576.jpg\" alt=\"\" class=\"wp-image-693\" style=\"width:498px;height:auto\" srcset=\"https:\/\/iskolanagyrede.hu\/wp\/wp-content\/uploads\/2024\/09\/kep35-1024x576.jpg 1024w, https:\/\/iskolanagyrede.hu\/wp\/wp-content\/uploads\/2024\/09\/kep35-300x169.jpg 300w, https:\/\/iskolanagyrede.hu\/wp\/wp-content\/uploads\/2024\/09\/kep35-768x432.jpg 768w, https:\/\/iskolanagyrede.hu\/wp\/wp-content\/uploads\/2024\/09\/kep35-1536x864.jpg 1536w, https:\/\/iskolanagyrede.hu\/wp\/wp-content\/uploads\/2024\/09\/kep35.jpg 2016w\" sizes=\"auto, (max-width: 1024px) 100vw, 1024px\" \/><\/figure>\n\n\n\n<p>Sokan pihent\u00e9k az \u00fat f\u00e1radalmait a buszon.<br>Utunk sor\u00e1n v\u00e9gighallgattuk egym\u00e1s el\u0151re elk\u00e9sz\u00edtett kisel\u0151ad\u00e1sait az utic\u00e9lnak megfelel\u0151en vagy a helysz\u00ednen. A v\u00e1rosok t\u00f6rt\u00e9nete mellett sz\u00f3 esett a sz\u00e9kelykapukr\u00f3l, a borvizekr\u0151l, a P\u00fcnk\u00f6sd \u00fcnnep\u00e9r\u0151l, a cs\u00edksomly\u00f3i b\u00facs\u00fa t\u00f6rt\u00e9net\u00e9r\u0151l.<\/p>\n\n\n\n<p>K\u00f6r\u00fcbel\u00fcl 8 \u00f3rakor \u00e9rt\u00fcnk haza f\u00e1radtan, de tele \u00e9lm\u00e9nyekkel. \u00c9n mindenkinek aj\u00e1nlom, hogy legal\u00e1bb egyszer menjen el Erd\u00e9lybe, mert nem fog csal\u00f3d\u00e1st okozni.<\/p>\n","protected":false},"excerpt":{"rendered":"<p>\u00c9LM\u00c9NYBESZ\u00c1MOL\u00d3 &#8211; \u00daTINAPL\u00d3 P\u00e1ly\u00e1zat k\u00f3dja: HAT-KP-1-2023\/1-001622 P\u00e1ly\u00e1zat megnevez\u00e9se: Tanulm\u00e1nyi kir\u00e1ndul\u00e1s hetedikeseknek Megval\u00f3s\u00edt\u00e1s id\u0151pontja: 2024.m\u00e1jus 17-20. Int\u00e9zm\u00e9ny neve: Nagyr\u00e9dei Szent Imre \u00c1ltal\u00e1nos Iskola R\u00e9sztvev\u0151 di\u00e1kok sz\u00e1ma: 20 f\u0151 A megval\u00f3sult program le\u00edr\u00e1sa: &nbsp; 1. nap: Nagyr\u00e9de- Kir\u00e1lyh\u00e1g\u00f3- Nagyv\u00e1rad- Szov\u00e1ta- Farkaslaka sz\u00e1ll\u00e1s Reggel 7 \u00f3ra k\u00f6r\u00fcl indult a busz Nagyr\u00e9d\u00e9r\u0151l. K\u00f6r\u00fcbel\u00fcl 10 \u00f3r\u00e1ra \u00e9rt\u00fcnk a hat\u00e1rhoz (magyar [&hellip;]<\/p>\n","protected":false},"author":2,"featured_media":0,"parent":0,"menu_order":0,"comment_status":"closed","ping_status":"closed","template":"","meta":{"ngg_post_thumbnail":0,"footnotes":""},"class_list":["post-570","page","type-page","status-publish","hentry"],"_links":{"self":[{"href":"https:\/\/iskolanagyrede.hu\/wp\/wp-json\/wp\/v2\/pages\/570","targetHints":{"allow":["GET"]}}],"collection":[{"href":"https:\/\/iskolanagyrede.hu\/wp\/wp-json\/wp\/v2\/pages"}],"about":[{"href":"https:\/\/iskolanagyrede.hu\/wp\/wp-json\/wp\/v2\/types\/page"}],"author":[{"embeddable":true,"href":"https:\/\/iskolanagyrede.hu\/wp\/wp-json\/wp\/v2\/users\/2"}],"replies":[{"embeddable":true,"href":"https:\/\/iskolanagyrede.hu\/wp\/wp-json\/wp\/v2\/comments?post=570"}],"version-history":[{"count":72,"href":"https:\/\/iskolanagyrede.hu\/wp\/wp-json\/wp\/v2\/pages\/570\/revisions"}],"predecessor-version":[{"id":696,"href":"https:\/\/iskolanagyrede.hu\/wp\/wp-json\/wp\/v2\/pages\/570\/revisions\/696"}],"wp:attachment":[{"href":"https:\/\/iskolanagyrede.hu\/wp\/wp-json\/wp\/v2\/media?parent=570"}],"curies":[{"name":"wp","href":"https:\/\/api.w.org\/{rel}","templated":true}]}}